{"id":58,"date":"2020-06-02T08:23:03","date_gmt":"2020-06-02T06:23:03","guid":{"rendered":"http:\/\/abtei.kloster-weltenburg.de\/?page_id=58"},"modified":"2022-03-29T17:21:10","modified_gmt":"2022-03-29T15:21:10","slug":"kirche","status":"publish","type":"page","link":"https:\/\/www.kloster-weltenburg.de\/eo\/kloster-kirche\/kirche\/","title":{"rendered":"Die Kirche"},"content":{"rendered":"<p style=\"text-align: justify;\">Die 1716 von Ph. Blank begon\u00adne\u00adne und 1719\/20 von C. D. Asam umge\u00ads\u00adtal\u00adt\u00adete Wel\u00adten\u00adbur\u00adger Klo\u00ads\u00adter- und Pfa\u00adrr\u00adkirc\u00adhe hebt sich mit ihrer vor\u00adge\u00adblen\u00adde\u00adten, blan\u00adken Hau\u00ads\u00adte\u00adin-Fas\u00ads\u00adade von den rosa ver\u00adputz\u00adten Klo\u00ads\u00adter\u00adge\u00adb\u00e4u\u00adden ab. In pal\u00adla\u00addi\u00ada\u00adni\u00adsc\u00adhen Pro\u00adpor\u00adti\u00ado\u00adnen und r\u00f6mi\u00adsc\u00adher Monu\u00admen\u00adta\u00adli\u00adt\u00e4t durc\u00adhdrin\u00adgen sich an ihr das Motiv eines dre\u00adi\u00adte\u00adi\u00adli\u00adgen Tri\u00adump\u00adhbo\u00adgens (gebil\u00addet von den drei Rund\u00adbo\u00adgen\u00adfen\u00adstern des Ober\u00adge\u00adsc\u00adhos\u00adses) und das einer \u00fcber\u00adgre\u00adi\u00adfen\u00adden anti\u00adken Tem\u00adpel\u00adfront. Die ver\u00adh\u00e4lt\u00adnis\u00adm\u00e4\u00dfig flac\u00adhe Fas\u00ads\u00adade (aus\u00adge\u00adf\u00fchrt von ein\u00adhe\u00adi\u00admi\u00adsc\u00adhen Ste\u00adi\u00adn\u00admet\u00adzen) erh\u00e4lt in ihrer Mit\u00adte\u00adlac\u00adhse durch die Por\u00adta\u00adl\u00e4di\u00adk\u00adula, das gro\u00ad\u00dfe, einer Bene\u00addik\u00adti\u00adons\u00adlog\u00adgia \u00e4hneln\u00adde Rund\u00adbo\u00adgen\u00adfen\u00adster (das das Geb\u00e4lk durc\u00adhs\u00adt\u00f6\u00dft), durch das Zif\u00adfer\u00adblatt der Uhr und den Dre\u00adi\u00adeck\u00ads\u00adgi\u00ade\u00adbel mit der auf einer (ver\u00adble\u00adi\u00adten) Ste\u00adi\u00adnwol\u00adke ste\u00adhen\u00adden Bene\u00addikts\u00ads\u00adta\u00adtue (von Franz Anton Neu, gest. 1758) auf sei\u00adner Spit\u00adze eine him\u00adme\u00adlw\u00e4rts streb\u00adende Dyna\u00admik. Die\u00adse erh\u00e4lt einen Sinn in der (nur vom Dona\u00adu\u00adtor aus m\u00f6glic\u00adhen) Zusam\u00admen\u00adsc\u00adhau der Fas\u00ads\u00adade mit der kon\u00adka\u00adven St\u00fctz\u00adma\u00adu\u00ader und deren Schut\u00adzen\u00adgel\u00adgru\u00adppe auf der Balu\u00ads\u00adtr\u00adade sowie mit dem sich im Gegen\u00adsatz dazu vorw\u00f6l\u00adben\u00adden Kuppel\u00adtam\u00adbo\u00adur, der eher zu schw\u00adeben als zu las\u00adten sche\u00adint. Denn nur so zeigt sich, dass die Scha\u00adu\u00adse\u00adite der Kirc\u00adhe die Por\u00adta coe\u00adli abbil\u00addet, durch die St. Bene\u00addikt aus der Zeit (Uhr) in die Ewig\u00adke\u00adit des Himmli\u00adsc\u00adhen Jeru\u00adsa\u00adlem (Kuppel\u00adtam\u00adbo\u00adur mit 12 son\u00adnen\u00adf\u00f6r\u00admig ver\u00ads\u00adtreb\u00adten \u00d6ffnun\u00adgen) ein\u00adge\u00adht. Durch sei\u00adne, zu die\u00adsem Him\u00admel\u00adsbild wei\u00ads\u00adende Ges\u00adte wird der Orden\u00ads\u00adva\u00adter auch zum Mit\u00adtler und mahnen\u00adden Lehrer f\u00fcr das auf Erden unter dem Schutz eines Engels wan\u00addeln\u00adde Men\u00adsc\u00adhen\u00adkind. Zugle\u00adich mac\u00adht die Bene\u00addikts\u00ads\u00adta\u00adtue die hier wir\u00adk\u00adende Orden\u00ads\u00adge\u00adme\u00adin\u00adsc\u00adha\u00adft und die Schut\u00adzen\u00adgel\u00adgru\u00adppe deren Zuge\u00adh\u00f6rig\u00adke\u00adit zur Baye\u00adri\u00adsc\u00adhen Bene\u00addik\u00adti\u00adner\u00adkon\u00adgre\u00adga\u00adti\u00adon (seit 1686) sic\u00adht\u00adbar. Wenn auch die Kuppel auf ein zen\u00adtri\u00ader\u00adtes Raum\u00adge\u00adbil\u00adde schli\u00ade\u00ad\u00dfen l\u00e4sst, ahnt man beim \u00e4u\u00dfe\u00adren Ersc\u00adhe\u00adi\u00adnung\u00ads\u00adbild der Kirc\u00adhe kaum etwas von ihrer \u00fcbe\u00adrra\u00adsc\u00adhend for\u00admen\u00adre\u00adic\u00adhen Ges\u00adtalt und prunk\u00advol\u00adlen Baroc\u00adka\u00adus\u00ads\u00adtat\u00adtung im Innern, die den Ruf Wel\u00adten\u00adburgs und Asam\u2019scher Kunst \u00fcber\u00adha\u00adu\u00adpt begr\u00fcn\u00adden. Aus den l\u00e4ng\u00ads\u00adrec\u00adhtec\u00adki\u00adgen Umfas\u00adsungs\u00adma\u00adu\u00adern Blanks hat Asam einen l\u00e4ng\u00adsel\u00adli\u00adp\u00adti\u00adsc\u00adhen, zwe\u00adi\u00adac\u00adhsig sym\u00adme\u00adtri\u00adsc\u00adhen Kuppel\u00adra\u00adum, den ers\u00adten sei\u00adner Art im Kirc\u00adhen\u00adbau Bayerns, hera\u00adus\u00admo\u00addel\u00adli\u00adert. Dem f\u00fcgen sich \u2013 jewe\u00adils in kle\u00adi\u00adne\u00adren Dimen\u00adsi\u00ado\u00adnen \u2013 in der L\u00e4ng\u00adsac\u00adhse wes\u00adtlich die l\u00e4ng\u00ads\u00adrun\u00adde Vor\u00adhal\u00adle (mit Psal\u00adli\u00aderc\u00adhor dar\u00fcber) und \u00f6stlich das Pre\u00ads\u00adbyte\u00adri\u00adum mit aus\u00adge\u00adrun\u00adde\u00adten Ecken und ange\u00adh\u00e4ng\u00adter Run\u00adda\u00adp\u00adsis an. Die Elli\u00adp\u00adse des Geme\u00adin\u00adde\u00adra\u00adums erh\u00e4lt ihre vol\u00adle Domi\u00adnanz erst \u00fcber dem kr\u00e4f\u00adti\u00adgen Geb\u00e4lk durch die Atti\u00adka, die W\u00f6l\u00adbung der inne\u00adren Kuppel\u00adsc\u00adha\u00adle und deren Sche\u00adi\u00adte\u00adla\u00adus\u00adsc\u00adhnitt. Sie ist von einem Achsen\u00adkre\u00aduz durc\u00adhdrun\u00adgen, das durch die vier gle\u00adich hohen, von Korb\u00adb\u00f6gen \u00fcbe\u00adrw\u00f6lb\u00adten und durch monu\u00admen\u00adta\u00adle Mar\u00admor\u00ads\u00e4u\u00adlen her\u00advor\u00adge\u00adh\u00adobe\u00adnen \u00d6ffnun\u00adgen von Alta\u00adrra\u00adum, West\u00adbau und den bei\u00adden sei\u00adtlic\u00adhen Raum\u00adbuc\u00adhten mar\u00adki\u00adert wird. Auch die nie\u00addri\u00adge\u00adren, das Hau\u00adpt\u00adge\u00adb\u00e4lk des Kirc\u00adhen\u00adra\u00adums nic\u00adht durc\u00adhbrec\u00adhen\u00adden Dia\u00adgo\u00adnal\u00adni\u00adsc\u00adhen der Sei\u00adte\u00adnal\u00adt\u00e4re im rhyt\u00adhmi\u00adsc\u00adhen Wec\u00adhsel dazwi\u00adsc\u00adhen sind nic\u00adht als eige\u00adnwer\u00adt\u00adige Teil\u00adr\u00e4\u00adume aus\u00adge\u00adson\u00addert, son\u00addern ble\u00adi\u00adben Aus\u00adbuc\u00adhtun\u00adgen der Hau\u00adp\u00adtra\u00adu\u00admel\u00adli\u00adp\u00adse. Wenn auch schon durch bede\u00adu\u00adt\u00adende Bau\u00adme\u00adi\u00ads\u00adter ander\u00adnorts vor\u00adge\u00adbil\u00addet, so ist das Gesamt\u00adkun\u00adstwerk der doppel\u00adsc\u00adha\u00adli\u00adgen Kuppel in sei\u00adner Wel\u00adten\u00adbur\u00adger Vari\u00adante, d. h. in sei\u00adner unl\u00f6s\u00adba\u00adren Ver\u00adsc\u00adhmel\u00adzung von Arc\u00adhi\u00adtek\u00adtur, Mal\u00ade\u00adrei und (Stuck-)Plastik, ein\u00adzi\u00adgar\u00adtig im euro\u00adp\u00e4i\u00adsc\u00adhen Barock. Die inne\u00adre Kuppel sche\u00adint sich (wie rea\u00adli\u00adter beim Pant\u00adhe\u00adon in Rom) im Sche\u00adi\u00adtel zum Him\u00admel zu \u00f6ffnen, der erleb\u00adbar wird ein\u00admal durch die Mal\u00ade\u00adrei an der flac\u00adhen Holz\u00addec\u00adke der \u00e4u\u00dfe\u00adren Kuppel\u00adsc\u00adha\u00adle und dann durch den Lic\u00adhtef\u00adfekt, den die von der Innen\u00adku\u00adppel ver\u00addeck\u00adten Tam\u00adbo\u00adur\u00adfen\u00adster her\u00advo\u00adrru\u00adfen. Die the\u00ada\u00adtra\u00adli\u00adsc\u00adhe Ins\u00adze\u00adni\u00ade\u00adrung der Kuppel wie\u00adder\u00adholt sich im Prin\u00adzip am Ostab\u00adsc\u00adhluss der Kirc\u00adhe in dem von der lic\u00adhter\u00adf\u00fcllten Apsis hin\u00adter\u00adfan\u00adge\u00adnen Tri\u00adump\u00adhbo\u00adgen des Hoc\u00adhal\u00adtars. Um die\u00adsen Effekt voll zur Wir\u00adkung kom\u00admen zu las\u00adsen, ist der Kirc\u00adhen\u00adra\u00adum bewusst d\u00e4m\u00adme\u00adrig gehal\u00adten. Sei\u00adne ein\u00adzi\u00adgen direk\u00adten Lic\u00adhtqu\u00adel\u00adlen sind die bei\u00adden in den sei\u00adtlic\u00adhen Raum\u00adbuc\u00adhten \u00fcber dem Geb\u00e4lk ange\u00adbrac\u00adhten Fen\u00adster, deren Leuc\u00adht\u00adkra\u00adft durch den nahen Ste\u00adil\u00adhang des Fra\u00adu\u00aden\u00adbergs einer\u00adse\u00adits und durch die Nord\u00adla\u00adge zum Kon\u00advent\u00adge\u00advi\u00adert ande\u00adrer\u00adse\u00adits ged\u00e4m\u00adp\u00adft ist. Monu\u00admen\u00adta\u00adli\u00adt\u00e4t, For\u00admen\u00ads\u00adprac\u00adhe und der vor\u00adhe\u00adrr\u00adsc\u00adhende hohe\u00adit\u00ads\u00advol\u00adle Far\u00adba\u00adkkord von Gold \u2013 Bra\u00adun \u2013 Grau an Raum\u00adsc\u00adha\u00adle, Arc\u00adhi\u00adtek\u00adtur\u00adgli\u00ade\u00addern und Aus\u00ads\u00adtat\u00adtung las\u00adsen den in sei\u00adnen Aus\u00adma\u00ad\u00dfen nic\u00adht sehr gro\u00ad\u00dfen Barock\u00adsa\u00adal zum r\u00f6mi\u00adsc\u00adhs\u00adten aller Asam-Kirc\u00adhen\u00adr\u00e4\u00adume werden.<\/p>\n<p><a href=\"https:\/\/www.kloster-weltenburg.de\/kloster-kirche\/kirche\/\">Wei\u00adte\u00adre Infor\u00adma\u00adti\u00ado\u00adnen zu Kirche.<\/a><\/p>\n","protected":false},"excerpt":{"rendered":"<p>Die 1716 von Ph. Blank begon\u00adne\u00adne und 1719\/20 von C. D. Asam umge\u00ads\u00adtal\u00adt\u00adete Wel\u00adten\u00adbur\u00adger Klo\u00ad\u00ads\u00adter- und Pfa\u00adrr\u00adkirc\u00adhe hebt sich mit ihrer vor\u00adge\u00adblen\u00adde\u00adten, blan\u00adken Hau\u00ad\u00ads\u00adte\u00ad\u00adin-Fas\u00ads\u00ad\u00adade von den rosa ver\u00adputz\u00adten Klo\u00ads\u00adter\u00adge\u00adb\u00e4u\u00adden ab. In pal\u00adla\u00addi\u00ada\u00adni\u00adsc\u00adhen Pro\u00adpor\u00adti\u00ado\u00adnen und r\u00f6mi\u00adsc\u00adher Monu\u00admen\u00adta\u00adli\u00adt\u00e4t durc\u00adhdrin\u00adgen sich an ihr das Motiv eines dre\u00adi\u00adte\u00adi\u00adli\u00adgen Tri\u00adump\u00adhbo\u00adgens (gebil\u00addet von den drei Rund\u00adbo\u00adgen\u00adfen\u00adstern des Ober\u00adge\u00adsc\u00adhos\u00adses) und das&nbsp;einer&nbsp;\u2026&nbsp;<\/p>\n<p class=\"link-more\"><a href=\"https:\/\/www.kloster-weltenburg.de\/eo\/kloster-kirche\/kirche\/\" class=\"more-link\">Con\u00adti\u00adnue rea\u00adding<span class=\"screen-reader-text\"> \u201cDie Kirche\u201d<\/span><\/a><\/p>\n","protected":false},"author":2,"featured_media":5771,"parent":107,"menu_order":0,"comment_status":"closed","ping_status":"closed","template":"","meta":{"wp_typography_post_enhancements_disabled":false,"ngg_post_thumbnail":0,"footnotes":""},"class_list":["post-58","page","type-page","status-publish","has-post-thumbnail","hentry"],"_links":{"self":[{"href":"https:\/\/www.kloster-weltenburg.de\/eo\/wp-json\/wp\/v2\/pages\/58","targetHints":{"allow":["GET"]}}],"collection":[{"href":"https:\/\/www.kloster-weltenburg.de\/eo\/wp-json\/wp\/v2\/pages"}],"about":[{"href":"https:\/\/www.kloster-weltenburg.de\/eo\/wp-json\/wp\/v2\/types\/page"}],"author":[{"embeddable":true,"href":"https:\/\/www.kloster-weltenburg.de\/eo\/wp-json\/wp\/v2\/users\/2"}],"replies":[{"embeddable":true,"href":"https:\/\/www.kloster-weltenburg.de\/eo\/wp-json\/wp\/v2\/comments?post=58"}],"version-history":[{"count":15,"href":"https:\/\/www.kloster-weltenburg.de\/eo\/wp-json\/wp\/v2\/pages\/58\/revisions"}],"predecessor-version":[{"id":5786,"href":"https:\/\/www.kloster-weltenburg.de\/eo\/wp-json\/wp\/v2\/pages\/58\/revisions\/5786"}],"up":[{"embeddable":true,"href":"https:\/\/www.kloster-weltenburg.de\/eo\/wp-json\/wp\/v2\/pages\/107"}],"wp:featuredmedia":[{"embeddable":true,"href":"https:\/\/www.kloster-weltenburg.de\/eo\/wp-json\/wp\/v2\/media\/5771"}],"wp:attachment":[{"href":"https:\/\/www.kloster-weltenburg.de\/eo\/wp-json\/wp\/v2\/media?parent=58"}],"curies":[{"name":"wp","href":"https:\/\/api.w.org\/{rel}","templated":true}]}}