{"id":78,"date":"2020-06-02T08:45:15","date_gmt":"2020-06-02T06:45:15","guid":{"rendered":"http:\/\/abtei.kloster-weltenburg.de\/?page_id=78"},"modified":"2026-03-24T09:26:29","modified_gmt":"2026-03-24T08:26:29","slug":"klosterladen","status":"publish","type":"page","link":"https:\/\/www.kloster-weltenburg.de\/fr\/klosterladen\/","title":{"rendered":"Klosterladen"},"content":{"rendered":"<div class=\"inhalt\">\n<div class=\"inhaltmain\">\n<div class=\"inhaltmain_ganz\">\n<h2 style=\"text-align: justify;\"><strong>Herzlich Willkommen im Klosterladen der Benediktinerabtei St. Georg Weltenburg&nbsp;!<\/strong><\/h2>\n<p style=\"text-align: justify;\">In unse\u00adrem Klos\u00adter\u00adla\u00adden direkt neben der Abtei\u00adkirche bie\u00adten wir Ihnen eine Aus\u00adwahl ver\u00adschie\u00adde\u00adner Artikel&nbsp;:<\/p>\n<ul style=\"text-align: justify;\">\n<li>Bibe\u00adlaus\u00adga\u00adben<\/li>\n<li>geist\u00adlich-theo\u00adlo\u00adgische Literatur<\/li>\n<li>Bildb\u00e4nde<\/li>\n<li>Kin\u00adder- und Jugendb\u00fccher<\/li>\n<li>Ges\u00adchenkb\u00fc\u00adcher<\/li>\n<li>Ges\u00adchenk- und Gl\u00fcckwunschkarten<\/li>\n<li>Ansichts\u00adkar\u00adten<\/li>\n<li>Rosen\u00adkr\u00e4nze<\/li>\n<li>Holz\u00adsch\u00adnit\u00adze\u00adreien, Iko\u00adnen, Bron\u00adze\u00adkunst und wei\u00adtere reli\u00adgi\u00f6se Kunstartikel<\/li>\n<li>Ker\u00adzen f\u00fcr die ver\u00adschie\u00addens\u00adten Anl\u00e4sse&nbsp;: Tauf- und Hoch\u00adzeits\u00adker\u00adzen, Schmu\u00adck\u00adker\u00adzen in Han\u00addar\u00adbeit gefertigt<\/li>\n<li>reli\u00adgi\u00f6\u00adser Schmuck aus Sil\u00adber, Gold, Edel\u00adstahl und ande\u00adren Materialien<\/li>\n<li>Weih\u00adrauch<\/li>\n<li>Biere der Klos\u00adter\u00adbraue\u00adrei Wel\u00adten\u00adburg mit den pas\u00adsen\u00adden Gl\u00e4\u00adsern, Kr\u00fc\u00adgen&nbsp;usw.<\/li>\n<li>Wel\u00adten\u00adbur\u00adger Klos\u00adter\u00adlik\u00f6r und Klos\u00adter\u00adbit\u00adter und andere kl\u00f6s\u00adter\u00adliche Destillate<\/li>\n<li>Sou\u00adve\u00adnirs<\/li>\n<li>und vieles mehr<\/li>\n<\/ul>\n<p style=\"text-align: justify;\">Wir freuen uns, Sie in unse\u00adrem Klos\u00adter\u00adla\u00adden begr\u00fc\u00dfen zu d\u00fcrfen.<\/p>\n<p style=\"text-align: justify;\">P. Lukas M. Stei\u00adne\u00adbrun\u00adner OSB und&nbsp;Team.<\/p>\n<\/div>\n<p>&nbsp;<\/p>\n<p style=\"text-align: justify;\"><strong><img loading=\"lazy\" decoding=\"async\" class=\"size-full wp-image-5106 alignleft\" src=\"https:\/\/www.kloster-weltenburg.de\/wp-content\/uploads\/2020\/08\/grosserKunstfuehrer.jpg\" alt width=\"213\" height=\"300\">Bene\u00addik\u00adti\u00adne\u00adrab\u00adtei Wel\u00adten\u00adburg Ges\u00adchichte und&nbsp;Kunst<\/strong><\/p>\n<div style=\"text-align: justify;\">Lothar Alt\u00admann, Ste\u00adpha\u00adnie Haarl\u00e4n\u00adder, Tho\u00admas M. Frei\u00adhart&nbsp;OSB<br>\nRegens\u00adburg 2019. Klap\u00adpen\u00adbro\u00adschur, 17x24 cm. 96 Seiten<br>\nmit 67 farb. Illus\u00adtra\u00adtio\u00adnen, 1 s\/2 Illus\u00adtra\u00adtion, 1 Grun\u00addriss, 1 Aufriss<\/div>\n<div style=\"text-align: justify;\">&nbsp;<\/div>\n<p style=\"text-align: justify;\">Das altehrw\u00fcr\u00addige Bene\u00addik\u00adti\u00adnerk\u00adlos\u00adter Wel\u00adten\u00adburg am Beginn des wil\u00addro\u00adman\u00adti\u00adschen Durch\u00adbruchs der Donau durch den Fr\u00e4n\u00adki\u00adschen Jura ver\u00addankt sei\u00adnen heu\u00adti\u00adgen Ruf vor allem sei\u00adner Baro\u00adck\u00adkirche von europ\u00e4i\u00adschem Rang. Der Maler und Archi\u00adtekt Cos\u00admas Damian Asam (1688\u20131739), der den Bau ges\u00adtal\u00adtete, und sein Bru\u00adder Egid Qui\u00adrin (1692\u20131750), der hier als Bild\u00adhauer und Stu\u00adcka\u00adtor wirkte, stat\u00adte\u00adten die Kirche zu einem baro\u00adcken Gesamt\u00adkunst\u00adwerk&nbsp;aus.<\/p>\n<p style=\"text-align: justify;\">Die Mit\u00adte\u00adlal\u00adte\u00adrhis\u00adto\u00adri\u00adke\u00adrin Dr. Ste\u00adpha\u00adnie Haarl\u00e4n\u00adder bringt Licht in die sage\u00adnum\u00adwo\u00adbene Fr\u00fch\u00adges\u00adchichte des Klos\u00adters und skiz\u00adziert des\u00adsen His\u00adto\u00adrie bis zur Gegen\u00adwart. Der Kuns\u00adthis\u00adto\u00adri\u00adker Dr. Lothar Alt\u00admann refe\u00adriert die Bau- und Auss\u00adtat\u00adtungs\u00adges\u00adchichte von Klos\u00adter und Kirche, bes\u00adchreibt die Lage und Anlage des Klos\u00adters und erl\u00e4u\u00adtert die Archi\u00adtek\u00adtur sowie Auss\u00adtat\u00adtung der Asam-Kirche. Ein Exkurs ist auch der Wall\u00adfahrts\u00adkirche U. L. Frau auf dem Frauen\u00adberg gewid\u00admet. Das bene\u00addik\u00adti\u00adnische Leben in Wel\u00adten\u00adburg heute stellt Abt Tho\u00admas M. Frei\u00adhart OSB vor. Kurz\u00adbio\u00adgra\u00adfien der in Wel\u00adten\u00adburg t\u00e4ti\u00adgen K\u00fcnst\u00adler und Hand\u00adwer\u00adker sowie umfan\u00adgreiche Lite\u00adra\u00adtu\u00adrhin\u00adweise run\u00adden den reich bebil\u00adder\u00adten Band ab. Die Fotos fer\u00adtigte der bekannte M\u00fcnch\u00adner Foto\u00adgraf Achim Bunz neu&nbsp;an.<\/p>\n<p>ISBN 978\u20133\u20117954\u201343460\u20111<br>\nISBN 978\u20133\u20117954\u201343441\u20110 englische<\/p>\n<p><strong>EUR 9,95<\/strong><\/p>\n<div class=\"wp-block-spacer\" style=\"text-align: justify;\" aria-hidden=\"true\">&nbsp;<\/div>\n<p style=\"text-align: justify;\"><b><img loading=\"lazy\" decoding=\"async\" class=\"size-medium wp-image-5062 alignright\" src=\"https:\/\/www.kloster-weltenburg.de\/wp-content\/uploads\/2020\/08\/ChronikKlosterWeltenburg-300x279.jpg\" alt width=\"300\" height=\"279\" srcset=\"https:\/\/www.kloster-weltenburg.de\/wp-content\/uploads\/2020\/08\/ChronikKlosterWeltenburg-300x279.jpg 300w, https:\/\/www.kloster-weltenburg.de\/wp-content\/uploads\/2020\/08\/ChronikKlosterWeltenburg-350x326.jpg 350w, https:\/\/www.kloster-weltenburg.de\/wp-content\/uploads\/2020\/08\/ChronikKlosterWeltenburg.jpg 640w\" sizes=\"auto, (max-width: 300px) 100vw, 300px\">Klos\u00adter W<\/b><b>elten\u00adburg&nbsp;&nbsp;&nbsp;&nbsp;&nbsp;&nbsp;&nbsp;&nbsp;&nbsp;&nbsp;&nbsp;&nbsp;&nbsp;&nbsp;&nbsp;&nbsp;&nbsp;&nbsp;&nbsp;&nbsp;&nbsp;&nbsp;&nbsp;&nbsp; <br>\n<\/b>Ges\u00adchichte und Gegenwart<\/p>\n<p class=\"mini\" style=\"text-align: justify;\">Hrsg. Georg Schwaiger<br>\nWei\u00dfen\u00adhorn 2014. Lei\u00adnen mit Schut\u00adzum\u00adschlag. 21,5x22,5 cm. 528 Seiten<br>\nmit 248 gro\u00df\u00adteils far\u00adbi\u00adgen Tafelabbildungen.<\/p>\n<p>&nbsp;<\/p>\n<p class=\"mini\" style=\"text-align: justify;\">ISBN 978\u20133\u201187437\u2013472\u20119<\/p>\n<p class=\"mini\" style=\"text-align: justify;\"><strong>EUR 29,90<\/strong><\/p>\n<div class=\"wp-block-spacer\" style=\"text-align: justify;\" aria-hidden=\"true\">&nbsp;<\/div>\n<p style=\"text-align: justify;\"><strong>Kaf\u00adfee und Espresso<br>\n<\/strong><\/p>\n<p style=\"text-align: justify;\">In den Gastst\u00e4t\u00adten der Wel\u00adten\u00adbru\u00adger Klos\u00adter\u00adbe\u00adtriebe GmbH ser\u00advie\u00adren wir Kaf\u00adfees\u00adpe\u00adzia\u00adlit\u00e4\u00adten aus dem Hause Dinz\u00adler. Damit Sie etwas von die\u00adsem Kaf\u00adfee\u00adge\u00adnuss der Spit\u00adzen\u00adqua\u00adlit\u00e4t mit nach Hause neh\u00admen oder auch Ihren Freun\u00adden und Bekann\u00adten mit\u00adbrin\u00adgen k\u00f6n\u00adnen, bie\u00adten wir Ihnen sowohl die Espres\u00adso- wie auch die Kaf\u00adfee\u00admi\u00adschung in unse\u00adrem Klos\u00adter\u00adla\u00adden&nbsp;an.<\/p>\n<div class=\"wp-block-spacer\" style=\"text-align: justify;\" aria-hidden=\"true\">&nbsp;<\/div>\n<p style=\"text-align: justify;\"><strong><img loading=\"lazy\" decoding=\"async\" class=\"size-full wp-image-5028 alignleft\" src=\"https:\/\/www.kloster-weltenburg.de\/wp-content\/uploads\/2020\/06\/Espresso-300x286-1.jpg\" alt width=\"300\" height=\"286\">Espres\u00adso<\/strong><\/p>\n<p style=\"text-align: justify;\"><em>Erh\u00e4lt\u00adlich als ganze Bohne oder auch gemahlen.<\/em><\/p>\n<p style=\"text-align: justify;\"><strong>250 g l EUR 8,90<\/strong><\/p>\n<p style=\"text-align: justify;\">F\u00fcr den von uns ser\u00advier\u00adten Espres\u00adso wur\u00adden Ara\u00adbi\u00adca-Boh\u00adnen aus S\u00fcd- und Zen\u00adtra\u00adla\u00adme\u00adri\u00adka mit afri\u00adka\u00adni\u00adschen Spit\u00adzen\u00adkaf\u00adfees kom\u00adbi\u00adniert. Stark im Aro\u00adma und kr\u00e4f\u00adtig im Ges\u00adch\u00admack k\u00fcrte das Maga\u00adzin <i>Der Fein\u00adsch\u00adme\u00adcker<\/i> diese au\u00dfer\u00adgew\u00f6hn\u00adliche Mischung zum bes\u00adten Espres\u00adso Deutschlands.<\/p>\n<p style=\"text-align: justify;\"><strong>Kaf\u00adfee<\/strong><\/p>\n<p style=\"text-align: justify;\"><img loading=\"lazy\" decoding=\"async\" class=\"size-medium wp-image-5035 alignright\" src=\"https:\/\/www.kloster-weltenburg.de\/wp-content\/uploads\/2020\/06\/Kaffee1-207x300.jpg\" alt width=\"207\" height=\"300\" srcset=\"https:\/\/www.kloster-weltenburg.de\/wp-content\/uploads\/2020\/06\/Kaffee1-207x300.jpg 207w, https:\/\/www.kloster-weltenburg.de\/wp-content\/uploads\/2020\/06\/Kaffee1-350x506.jpg 350w, https:\/\/www.kloster-weltenburg.de\/wp-content\/uploads\/2020\/06\/Kaffee1.jpg 553w\" sizes=\"auto, (max-width: 207px) 100vw, 207px\">Unser Kaf\u00adfee basiert auf einer aus\u00adge\u00adwo\u00adge\u00adnen Mischung aus kolum\u00adbia\u00adni\u00adschen Kaf\u00adfee\u00adsor\u00adten. Er zeich\u00adnet sich aus durch eine milde S\u00e4ure, ein weiches und feines Aro\u00adma und einen kr\u00e4f\u00adti\u00adgen, run\u00adden Geschmack.<\/p>\n<div class=\"wp-block-spacer\" style=\"text-align: justify;\" aria-hidden=\"true\">&nbsp;<\/div>\n<p style=\"text-align: justify;\"><em>Erh\u00e4lt\u00adlich als ganze Bohne oder auch gemah\u00adlen<\/em>.<\/p>\n<p style=\"text-align: justify;\"><strong>250 g l EUR 8,90<\/strong><\/p>\n<p style=\"text-align: justify;\">Die K\u00fcnst\u00adler\u00adbr\u00fc\u00adder Egid Qui\u00adrin und Cos\u00admas Damian Asam, wie sie sich in unse\u00adrer Klos\u00adter\u00adkirche dar\u00adges\u00adtellt haben, zie\u00adren die Eti\u00adket\u00adten. So hof\u00adfen wir, dass Sie beim Genuss uns\u00adrer Kaf\u00adfees\u00adpe\u00adzia\u00adlit\u00e4\u00adten an einen sch\u00f6\u00adnen Tag in Klos\u00adter Wel\u00adten\u00adburg mit sei\u00adner Asam-Kirche, dem Donau\u00addurch\u00adbruch und einem der sch\u00f6ns\u00adten Bierg\u00e4r\u00adten Bayerns zur\u00fc\u00adck\u00adden\u00adken oder mit die\u00adsem klei\u00adnen Mit\u00adbring\u00adsel Ihren Freun\u00adden und Bekann\u00adten eine Freude machen k\u00f6nnen.<\/p>\n<div class=\"wp-block-image\" style=\"text-align: justify;\">&nbsp;<\/div>\n<h2 style=\"text-align: justify;\"><strong>\u00d6ff<\/strong><strong>nungszeiten\n<p><\/p><\/strong><\/h2>\n<p><strong>ab 16. M\u00e4rz&nbsp;2026<\/strong><br>\nMon\u00adtag bis Sonntag<br>\n10 Uhr bis 17&nbsp;Uhr<\/p>\n<p>Kar\u00adfrei\u00adtag geschlossen<\/p>\n<p><strong>ab 4. April&nbsp;2026<\/strong><br>\nMon\u00adtag bis Samstag<br>\n9 Uhr bis 18&nbsp;Uhr<br>\nSonn\u00adtag und Feiertag<br>\n10 Uhr bis 18&nbsp;Uhr<\/p>\n<\/div>\n<\/div>\n<div class=\"inhalt\">\n<div class=\"inhaltmain\">\n<div><em><span style=\"font-size: 10pt;\">\u00c4nde\u00adrun\u00adgen vorbehalten<\/span><\/em><\/div>\n<div class=\"inhaltmain_ganz\">\n<p>&nbsp;<\/p>\n<p style=\"text-align: justify;\">Wel\u00adten\u00adbur\u00adger Klos\u00adter\u00adbe\u00adtriebe GmbH<br>\nKlos\u00adter\u00adla\u00adden &amp; \u2013 buchhandlung<br>\nAsam\u00adstra\u00dfe 32<br>\n93309 Kelheim<br>\nTele\u00adfon 09441 204\u20130<\/p>\n<p style=\"text-align: justify;\"><a href=\"mailto:klosterladen@kloster-weltenburg.de\">klosterladen@kloster-weltenburg.de<\/a><\/p>\n<\/div>\n<\/div>\n<\/div>\n","protected":false},"excerpt":{"rendered":"<p>Herz\u00adlich Will\u00adkom\u00admen im Klos\u00adter\u00adla\u00adden der Bene\u00addik\u00adti\u00adne\u00adrab\u00adtei St. Georg Wel\u00adten\u00adburg&nbsp;! In unse\u00adrem Klos\u00adter\u00adla\u00adden direkt neben der Abtei\u00adkirche bie\u00adten wir Ihnen eine Aus\u00adwahl ver\u00adschie\u00adde\u00adner Arti\u00adkel&nbsp;: Bibe\u00adlaus\u00adga\u00adben geist\u00ad\u00adlich-theo\u00ad\u00adlo\u00ad\u00adgische Lite\u00adra\u00adtur Bildb\u00e4nde Kin\u00ad\u00adder- und Jugendb\u00fc\u00adcher Ges\u00adchenkb\u00fc\u00adcher Ges\u00ad\u00adchenk- und Gl\u00fc\u00adck\u00adwun\u00adsch\u00adkar\u00adten Ansichts\u00adkar\u00adten Rosen\u00adkr\u00e4nze Holz\u00adsch\u00adnit\u00adze\u00adreien, Iko\u00adnen, Bron\u00adze\u00adkunst und wei\u00adtere reli\u00adgi\u00f6se Kuns\u00adtar\u00adti\u00adkel Ker\u00adzen f\u00fcr die ver\u00adschie\u00addens\u00adten Anl\u00e4sse&nbsp;: Tauf- und Hoch\u00adzeits\u00adker\u00adzen, Schmu\u00adck\u00adker\u00adzen in Han\u00addar\u00adbeit gefertigt&nbsp;\u2026&nbsp;<\/p>\n<p class=\"link-more\"><a href=\"https:\/\/www.kloster-weltenburg.de\/fr\/klosterladen\/\" class=\"more-link\">Conti\u00adnuer la lec\u00adture<span class=\"screen-reader-text\"> de \u00ab&nbsp;Klosterladen&nbsp;\u00bb<\/span><\/a><\/p>\n","protected":false},"author":2,"featured_media":5098,"parent":0,"menu_order":0,"comment_status":"closed","ping_status":"closed","template":"","meta":{"wp_typography_post_enhancements_disabled":false,"ngg_post_thumbnail":0,"footnotes":""},"class_list":["post-78","page","type-page","status-publish","has-post-thumbnail","hentry"],"_links":{"self":[{"href":"https:\/\/www.kloster-weltenburg.de\/fr\/wp-json\/wp\/v2\/pages\/78","targetHints":{"allow":["GET"]}}],"collection":[{"href":"https:\/\/www.kloster-weltenburg.de\/fr\/wp-json\/wp\/v2\/pages"}],"about":[{"href":"https:\/\/www.kloster-weltenburg.de\/fr\/wp-json\/wp\/v2\/types\/page"}],"author":[{"embeddable":true,"href":"https:\/\/www.kloster-weltenburg.de\/fr\/wp-json\/wp\/v2\/users\/2"}],"replies":[{"embeddable":true,"href":"https:\/\/www.kloster-weltenburg.de\/fr\/wp-json\/wp\/v2\/comments?post=78"}],"version-history":[{"count":45,"href":"https:\/\/www.kloster-weltenburg.de\/fr\/wp-json\/wp\/v2\/pages\/78\/revisions"}],"predecessor-version":[{"id":7047,"href":"https:\/\/www.kloster-weltenburg.de\/fr\/wp-json\/wp\/v2\/pages\/78\/revisions\/7047"}],"wp:featuredmedia":[{"embeddable":true,"href":"https:\/\/www.kloster-weltenburg.de\/fr\/wp-json\/wp\/v2\/media\/5098"}],"wp:attachment":[{"href":"https:\/\/www.kloster-weltenburg.de\/fr\/wp-json\/wp\/v2\/media?parent=78"}],"curies":[{"name":"wp","href":"https:\/\/api.w.org\/{rel}","templated":true}]}}